{"id":2948,"date":"2016-05-02T10:38:27","date_gmt":"2016-05-02T08:38:27","guid":{"rendered":"https:\/\/transhumancia.com\/objectius-i-estructura-del-congres\/"},"modified":"2022-09-08T13:47:11","modified_gmt":"2022-09-08T11:47:11","slug":"objectius-i-estructura-del-congres","status":"publish","type":"page","link":"https:\/\/transhumancia.com\/es\/objectius-i-estructura-del-congres\/","title":{"rendered":"Objetivos y estructura del congreso"},"content":{"rendered":"<h3><u>OBJETIVOS:<\/u><\/h3>\n<p>La organizaci\u00f3n del I Congreso de Trashumancia y v\u00edas pecuarias de Catalu\u00f1a tiene como principal objetivo valorizar la trashumancia y le red de v\u00edas pecuarias de Catalu\u00f1a. Para avanzar e ir m\u00e1s all\u00e1 del trabajo realizado por el grupo de trabajo de trashumancia de la Fundaci\u00f3 del M\u00f3n Rural pensamos que tambi\u00e9n son importantes los siguientes objetivos:<\/p>\n<ul>\n<li>Profundizar en el conocimiento de las v\u00edas pecuarias, la trashumancia y la ganader\u00eda extensiva como sistema econ\u00f3mico, social y cultural con un gran impacto en el territorio.<\/li>\n<li>Favorecer el intercambio de conocimientos y experiencias y consolidar un espacio de an\u00e1lisis, reflexi\u00f3n y colaboraci\u00f3n entre los actores sociales implicados en la trashumancia y la ganader\u00eda extensiva: ganaderos, estudiosos, t\u00e9cnicos de la administraci\u00f3n, poblaci\u00f3n rural, etc.<\/li>\n<li>Establecer criterios y prioridades con la intenci\u00f3n de estimular la recuperaci\u00f3n y garantizar el mantenimiento de este patrimonio natural y cultural.<\/li>\n<li>Sensibilizar a la sociedad sobre el valor sociocultural y ambiental de estas actividades y de su inter\u00e9s como instrumentos que favorecen el equilibrio territorial y la biodiversidad.<\/li>\n<\/ul>\n<p>La meta del congreso es generar l\u00edneas de trabajo consensuadas entre todos los sectores, des del campo de la investigaci\u00f3n cient\u00edfica y acad\u00e9mica, los usuarios que practican esta actividad, los promotores de nuevos usos de las infraestructuras y la poblaci\u00f3n en general. Por este motivo queremos organizar un congreso abierto, que dibuje los ejes tem\u00e1ticos generales con aportaciones troncales de expertos reconocidos que den cuerpo a cada uno de los \u00e1mbitos de trabajo y aportaciones complementarias mediante comunicaciones y posters presentados des del mundo acad\u00e9mico y\/o amateur, de Catalu\u00f1a y de fuera.<\/p>\n<h3><strong><u>ESTRUCTURA DEL CONGRESO:<\/u><\/strong><\/h3>\n<p>El congreso se estructura en los \u00e1mbitos tem\u00e1ticos en los que se ha basado la actividad del Grupo de Trabajo:<\/p>\n<p>&nbsp;<\/p>\n<p><a class=\"lightbox-added alignnone\" href=\"http:\/\/transhumancia.com\/wp-content\/uploads\/2016\/05\/estructura1.png\"><img fetchpriority=\"high\" decoding=\"async\" class=\"alignnone wp-image-1217\" src=\"http:\/\/transhumancia.com\/wp-content\/uploads\/2016\/05\/estructura1-300x188.png\" sizes=\"(max-width: 409px) 100vw, 409px\" srcset=\"http:\/\/transhumancia.com\/wp-content\/uploads\/2016\/05\/estructura1-300x188.png 300w, http:\/\/transhumancia.com\/wp-content\/uploads\/2016\/05\/estructura1-705x442.png 705w, http:\/\/transhumancia.com\/wp-content\/uploads\/2016\/05\/estructura1-450x282.png 450w, http:\/\/transhumancia.com\/wp-content\/uploads\/2016\/05\/estructura1.png 709w\" alt=\"estructura\" width=\"409\" height=\"256\" \/><\/a><\/p>\n<ul>\n<li><strong>Eje 1. Las v\u00edas pecuarias.<\/strong>\u00a0La infraestructura de las redes trashumantes, los equipamientos asociados, el marco legal, la gesti\u00f3n y la planificaci\u00f3n de las actuaciones de mantenimiento y mejora, etc.<\/li>\n<li><strong>Eje 2. Usos complementarios.<\/strong>\u00a0Aprovechamiento tur\u00edstico. Recuperaci\u00f3n y valorizaci\u00f3n de un patrimonio cultural y natural.<\/li>\n<li><strong>Eje 3. Actividad y usos trashumantes.<\/strong>\u00a0La actividad ganadera trashumante en Catalu\u00f1a, situaci\u00f3n y propuestas de mejora. El futuro de la ganader\u00eda extensiva. La PAC.<\/li>\n<\/ul>\n<p>Con la idea de conseguir el m\u00e1ximo impacto territorial proponemos la organizaci\u00f3n del congreso en tres jornadas separadas en el espacio y en el tiempo, con la intenci\u00f3n que os asistentes al congreso conozcan diferentes realidades territoriales vinculadas a la trashumancia y las v\u00edas pecuarias.<\/p>\n","protected":false},"excerpt":{"rendered":"<p>OBJETIVOS: La organizaci\u00f3n del I Congreso de Trashumancia y v\u00edas pecuarias de Catalu\u00f1a tiene como principal objetivo valorizar la trashumancia y le red de v\u00edas pecuarias de Catalu\u00f1a. Para avanzar e ir m\u00e1s all\u00e1 del trabajo realizado por el grupo de trabajo de trashumancia de la Fundaci\u00f3 del M\u00f3n Rural pensamos que tambi\u00e9n son importantes [&hellip;]<\/p>\n","protected":false},"author":2,"featured_media":0,"parent":0,"menu_order":0,"comment_status":"closed","ping_status":"closed","template":"","meta":{"site-sidebar-layout":"default","site-content-layout":"default","ast-site-content-layout":"","site-content-style":"default","site-sidebar-style":"default","ast-global-header-display":"","ast-banner-title-visibility":"","ast-main-header-display":"","ast-hfb-above-header-display":"","ast-hfb-below-header-display":"","ast-hfb-mobile-header-display":"","site-post-title":"","ast-breadcrumbs-content":"","ast-featured-img":"","footer-sml-layout":"","theme-transparent-header-meta":"default","adv-header-id-meta":"","stick-header-meta":"","header-above-stick-meta":"","header-main-stick-meta":"","header-below-stick-meta":"","astra-migrate-meta-layouts":"default","ast-page-background-enabled":"default","ast-page-background-meta":{"desktop":{"background-color":"var(--ast-global-color-4)","background-image":"","background-repeat":"repeat","background-position":"center center","background-size":"auto","background-attachment":"scroll","background-type":"","background-media":"","overlay-type":"","overlay-color":"","overlay-gradient":""},"tablet":{"background-color":"","background-image":"","background-repeat":"repeat","background-position":"center center","background-size":"auto","background-attachment":"scroll","background-type":"","background-media":"","overlay-type":"","overlay-color":"","overlay-gradient":""},"mobile":{"background-color":"","background-image":"","background-repeat":"repeat","background-position":"center center","background-size":"auto","background-attachment":"scroll","background-type":"","background-media":"","overlay-type":"","overlay-color":"","overlay-gradient":""}},"ast-content-background-meta":{"desktop":{"background-color":"var(--ast-global-color-5)","background-image":"","background-repeat":"repeat","background-position":"center center","background-size":"auto","background-attachment":"scroll","background-type":"","background-media":"","overlay-type":"","overlay-color":"","overlay-gradient":""},"tablet":{"background-color":"var(--ast-global-color-5)","background-image":"","background-repeat":"repeat","background-position":"center center","background-size":"auto","background-attachment":"scroll","background-type":"","background-media":"","overlay-type":"","overlay-color":"","overlay-gradient":""},"mobile":{"background-color":"var(--ast-global-color-5)","background-image":"","background-repeat":"repeat","background-position":"center center","background-size":"auto","background-attachment":"scroll","background-type":"","background-media":"","overlay-type":"","overlay-color":"","overlay-gradient":""}},"footnotes":""},"_links":{"self":[{"href":"https:\/\/transhumancia.com\/es\/wp-json\/wp\/v2\/pages\/2948"}],"collection":[{"href":"https:\/\/transhumancia.com\/es\/wp-json\/wp\/v2\/pages"}],"about":[{"href":"https:\/\/transhumancia.com\/es\/wp-json\/wp\/v2\/types\/page"}],"author":[{"embeddable":true,"href":"https:\/\/transhumancia.com\/es\/wp-json\/wp\/v2\/users\/2"}],"replies":[{"embeddable":true,"href":"https:\/\/transhumancia.com\/es\/wp-json\/wp\/v2\/comments?post=2948"}],"version-history":[{"count":2,"href":"https:\/\/transhumancia.com\/es\/wp-json\/wp\/v2\/pages\/2948\/revisions"}],"predecessor-version":[{"id":2951,"href":"https:\/\/transhumancia.com\/es\/wp-json\/wp\/v2\/pages\/2948\/revisions\/2951"}],"wp:attachment":[{"href":"https:\/\/transhumancia.com\/es\/wp-json\/wp\/v2\/media?parent=2948"}],"curies":[{"name":"wp","href":"https:\/\/api.w.org\/{rel}","templated":true}]}}