{"id":2952,"date":"2016-06-14T10:46:05","date_gmt":"2016-06-14T08:46:05","guid":{"rendered":"https:\/\/transhumancia.com\/programa\/"},"modified":"2022-09-08T13:47:59","modified_gmt":"2022-09-08T11:47:59","slug":"programa","status":"publish","type":"page","link":"https:\/\/transhumancia.com\/es\/programa\/","title":{"rendered":"Programa"},"content":{"rendered":"<p><strong><a href=\"https:\/\/transhumancia.com\/wp-content\/uploads\/2016\/09\/di\u0301pticCongre\u0300s2016-dig-DEF_b.pdf\" target=\"_blank\" rel=\"noopener\">DESCARREGA&#8217;T EL TR\u00cdPTIC DEL CONGR\u00c9S!<\/a><\/strong><\/p>\n<h3><strong><u>Eix 1. Els camins ramaders<\/u><\/strong><\/h3>\n<p><strong>La infraestructura de les xarxes transhumants, els equipaments associats, el marc legal, la gesti\u00f3 i la planificaci\u00f3 de les actuacions de manteniment i millora.<\/strong><\/p>\n<p><strong>Lloc: Lleida, Sala d&#8217;actes de l&#8217;Escola T\u00e8cnica Superior d&#8217;Enginyeria Agr\u00e0ria (ETSEA).<\/strong><\/p>\n<p><strong>Adre\u00e7a:\u00a0<a href=\"https:\/\/www.google.es\/#q=etsea&amp;rct=j&amp;tbs=lf:1,lf_ui:2&amp;rflfq=1&amp;rlha=0&amp;rllag=41628783,597581,108&amp;tbm=lcl&amp;rldimm=10855871519909116136&amp;rlfi=hd:;si:\" target=\"_blank\" rel=\"noopener\">Av. Alcalde Rovira Roure, 204, 25198 Lleida<\/a><\/strong><\/p>\n<p><strong>aData: 7 octubre<\/strong><\/p>\n<p><strong>09:00 Benvinguda dels assistents, acreditacions i entrega de material.<\/strong><\/p>\n<p><strong>09:30 Obertura del congr\u00e9s:<\/strong><\/p>\n<ul>\n<li><strong>Sr. Jes\u00fas Avilla, vicerector de Campus de la Universitat de Lleida.<\/strong><\/li>\n<li><strong>Sr. Narciso Pastor, director\u00a0de l&#8217;Escola T\u00e8cnica Superior d&#8217;Enginyeria Agr\u00e0ria de la Universitat de Lleida.<\/strong><\/li>\n<li><strong>Il\u00b7ltre. Sr. Gerard Sabarich, vicepresident tercer de la Diputaci\u00f3 de Lleida.<\/strong><\/li>\n<li><strong>Hble. Sr. Josep Rull, conseller\u00a0del Departament de Territori i Sostenibilitat.<\/strong><\/li>\n<\/ul>\n<p><strong>09:50 Presentaci\u00f3 del congr\u00e9s:<\/strong><\/p>\n<ul>\n<li><strong>Sr. Marc Riera, director de la Fundaci\u00f3 del M\u00f3n Rural.<\/strong><\/li>\n<li><strong>Sr. Pere Porta, director de l\u2019IDAPA.<\/strong><\/li>\n<\/ul>\n<p><strong><u>Pon\u00e8ncies, experi\u00e8ncies i comunicacions de l\u2019eix 1<\/u><\/strong><\/p>\n<p><strong>Conductor de l&#8217;acte:\u00a0Sr. Eduard Trepat, t\u00e8cnic de la Fundaci\u00f3 del M\u00f3n Rural i \u00a0Sr. Marc Borrell, t\u00e8cnic de l&#8217;IDAPA.<\/strong><\/p>\n<p><strong>10:00 Pon\u00e8ncia: <em>La transhum\u00e0ncia a Catalunya: una visi\u00f3 hist\u00f2rica <\/em>a c\u00e0rrec del Sr. Ignasi Ros, t\u00e8cnic de l&#8217;Ecomuseu de les Valls d&#8217;\u00c0neu.<\/strong><\/p>\n<p><strong>10:45 Pon\u00e8ncia: <em>L&#8217;evoluci\u00f3 de la transhum\u00e0ncia a Espanya: la mesta i les grans transhum\u00e0ncies<\/em>, a c\u00e0rrec del Sr. Jes\u00fas Garz\u00f3n, de la Fundaci\u00f3n Trashumancia y Naturaleza.<\/strong><\/p>\n<p><strong>11:30 Pausa caf\u00e8.<\/strong><\/p>\n<p><strong>12:00 Pon\u00e8ncia: <em>La infraestructura dels camins ramaders<\/em>, a c\u00e0rrec del Sr. Joan Rovira, membre del Grup de Treball de Transhum\u00e0ncia i Camins Ramaders.<\/strong><\/p>\n<p><strong>12:30 Pon\u00e8ncia: <em>Marc legal, propostes legislatives i conflictes al voltant de la xarxa de camins ramaders<\/em>, a c\u00e0rrec del Sr. Xavier Campillo, de Pericia Caminera.<\/strong><\/p>\n<p><strong>13:15 Experi\u00e8ncia: <em>La classificaci\u00f3 dels camins ramaders a Navarra<\/em>, a c\u00e0rrec del Sr. Crist\u00f3bal Molina,\u00a0Cap\u00a0de Negociat de Gesti\u00f3 i Cooperaci\u00f3 en Biodiversitat del Departament de Desenvolupament Rural i Medi Ambient del Govern de Navarra.<\/strong><\/p>\n<p><strong>13:45 Debat de les intervencions del mat\u00ed.<\/strong><\/p>\n<p><strong>14:30 Dinar (el preu \u00e9s de 15 euros).<\/strong><\/p>\n<p><strong>16:15 Exposici\u00f3 de comunicacions de l\u2019eix 1.<\/strong><\/p>\n<ul>\n<li><strong>Santiago Bay\u00f3n,\u00a0La cultura pastoril en las v\u00edas pecuarias.<\/strong><\/li>\n<li><strong>Joan Soler i Giron\u00e8s,\u00a0An\u00e0lisi geogr\u00e0fica dels camins ramaders i les din\u00e0miques del paisatge al Parc del Foix i l\u2019entorn en els \u00faltims 100 anys.<\/strong><\/li>\n<li><strong>Josep Lluis Soler i Foguet,\u00a0Els camins de Pere Mauri, l\u2019\u00faltim pastor c\u00e0tar. Una ruta de camins ramaders medievals que uneix Occit\u00e0nia amb el sud del Pirineu i l\u2019Ebre.\u00a0<\/strong><\/li>\n<li><strong>Ariadna Nieto, Camins ancestrals? Aportacions de l&#8217;arqueologia a l&#8217;estudi dels or\u00edgens de la transhum\u00e0ncia a Catalunya.<\/strong><\/li>\n<li><strong>Albert Roig i Tom\u00e0s Mas, Els camins de transhum\u00e0ncia, un patrimoni en perill.<\/strong><\/li>\n<\/ul>\n<p><strong>17:30\u00a0Debat.<\/strong><\/p>\n<p><strong>18:00<span style=\"line-height: 1.5;\"> Pausa caf\u00e8.<\/span><\/strong><\/p>\n<p><strong>18:30 Reproducci\u00f3 del documental <em>Pastores en la niebla,<\/em> del Sr. Domingo Moreno, director del documental.<\/strong><\/p>\n<p><strong>20:00 Final de la primera jornada.<\/strong><\/p>\n<h3><strong><u>Eix 2. Usos complementaris<\/u><\/strong><\/h3>\n<p><strong>Aprofitament tur\u00edstic. Recuperaci\u00f3 i valoritzaci\u00f3 d\u2019un patrimoni cultural i natural.<\/strong><\/p>\n<p><strong>Lloc: Santa Margarida i els Monjos, Mol\u00ed del Foix.<\/strong><\/p>\n<p><strong>Adre\u00e7a: <a href=\"https:\/\/www.google.es\/maps\/place\/Mol%C3%AD+del+Foix\/@41.32033,1.66094,15z\/data=!4m5!3m4!1s0x0:0x16547e750bfdca53!8m2!3d41.32033!4d1.66094\" target=\"_blank\" rel=\"noopener\">Carrer Farigola, 2-8, Santa Margarida i els Monjos.<\/a><\/strong><\/p>\n<p><strong>Data: 21 d\u2019octubre<\/strong><\/p>\n<p><strong>09:00 Benvinguda dels assistents, acreditacions i entrega de material.<\/strong><\/p>\n<p><strong>09:30 Obertura de l\u2019acte:<\/strong><\/p>\n<ul>\n<li><strong>Sr. Marc Riera, director de la Fundaci\u00f3 del M\u00f3n Rural.<\/strong><\/li>\n<li><strong>Sr. Pere Porta, director de l&#8217;IDAPA.<\/strong><\/li>\n<li><strong>Excma. Sra. Imma Ferret, alcaldessa de Santa Margarida i els Monjos.<\/strong><\/li>\n<li><strong>Sra. Montserrat Barniol, directora general de Forests del Departament d&#8217;Agricultura, Ramaderia, Pesca i Alimentaci\u00f3 de la Generalitat de Catalunya.<\/strong><\/li>\n<\/ul>\n<p><strong><u>Pon\u00e8ncies, experi\u00e8ncies i comunicacions de l\u2019eix 2<\/u><\/strong><\/p>\n<p><strong>Conductor de l&#8217;acte:\u00a0Sr. Ferran Estrada, professor de la Universitat de Barcelona.<\/strong><\/p>\n<p><strong>10:00 Pon\u00e8ncia:<em>\u00a0El turisme i la xarxa de camins ramaders<\/em>, a c\u00e0rrec del Sr. Francisco Javier Ant\u00f3n Burgos, professor de la Universidad Complutense de Madrid.<\/strong><\/p>\n<p><strong>10:30 Pon\u00e8ncia:<em> Elements culturals de la xarxa de\u00a0camins ramaders<\/em>, a c\u00e0rrec del Sr. Pablo Vidal, professor de la Universitat de Valencia.<\/strong><\/p>\n<p><strong>11:15 Pausa caf\u00e8.<\/strong><\/p>\n<p><strong>11:45 Pon\u00e8ncia: <em>Medi ambient i \u00a0camins ramaders.\u00a0Per qu\u00e8 els camins ramaders al segle XXI?<\/em>, a c\u00e0rrec de la Sra. Concha Salguero, de la Fundaci\u00f3n Trashumancia y Naturaleza.<\/strong><\/p>\n<p><strong>12:30 Taula d\u2019experi\u00e8ncies:<\/strong><\/p>\n<ul>\n<li><strong><em>Projecte Terra de Corder<\/em>, a c\u00e0rrec de la Sra. Dolors Etxalar, t\u00e8cnica del projecte.<\/strong><\/li>\n<li><strong><em>Associaci\u00f3\u00a0Marques de Pastor<\/em>, a c\u00e0rrec de la Sra. Mireia Font, presidenta de l&#8217;associaci\u00f3.<\/strong><\/li>\n<li><strong><em>La transhum\u00e0ncia entre Terol i les Terres de l&#8217;Ebre<\/em>, a c\u00e0rrec del Sr. \u00c0lex Farn\u00f3s, director del Museu\u00a0de les Terres de l&#8217;Ebre.<\/strong><\/li>\n<li><strong><em>Tot el que la transhum\u00e0ncia ens pot ensenyar, l&#8217;experi\u00e8ncia del Museu de la Transhum\u00e0ncia del\u00a0Parc Nacional des Abruzzes<\/em>, a c\u00e0rrec de la Sra. Mariapia\u00a0Graziani, directora del Museu.<\/strong><\/li>\n<\/ul>\n<p><strong>13:45 Debat.<\/strong><\/p>\n<p><strong>14:30 Dinar (el preu \u00e9s de 15 euros).<\/strong><\/p>\n<p><strong>16:15 Exposici\u00f3 de comunicacions de l\u2019eix 2.<\/strong><\/p>\n<ul>\n<li><strong>Joan Rovira, Ernest Sitges i Josep Maria Calaf,\u00a0Les cases d\u2019hivernada.<\/strong><\/li>\n<li><strong>Maria Teresa Rodr\u00edguez,\u00a0La alzada de Torrest\u00edo: \u201cDe les marines al puertu\u201d Un caso de recuperaci\u00f3n etnogr\u00e1fica y aprovechamiento tur\u00edstico-deportivo.<\/strong><\/li>\n<li><strong>Jes\u00fas Tom\u00e0s Garc\u00eda Hern\u00e1ndez,\u00a0La recuperaci\u00f3 del patrimoni transhumant i del seu entorn al municipi d\u2019Aviny\u00f3.<\/strong><\/li>\n<li><strong>Josep Maria Calaf i Jordina Camps,\u00a0Cam\u00ed ramader de Marina: de Cerdanya al Pened\u00e8s.<\/strong><\/li>\n<li><strong>Neus Monllor, Jaume Guillamon, Emma Soy i Sergi Nuss,\u00a0Pasturisme, un producte tur\u00edstic nou per a les comarques gironines?<\/strong><\/li>\n<li><strong>Marc Barrera Colilles,\u00a0Pasturem.cat.<\/strong><\/li>\n<li><strong>Vicky Carles Hierro,\u00a0Llegat dels camins ramaders medievals i trets culturals dels c\u00e0tars a les Terres de l\u2019Ebre i de cru\u00eflla, un patrimoni a preservar com a recurs ecotur\u00edstic.<\/strong><\/li>\n<li><strong>Carlos Gu\u00e0rdia Carbonell,\u00a0El Pas ramader a la cara nord de la serra del Cad\u00ed.<\/strong><\/li>\n<\/ul>\n<p><strong>17:45\u00a0Debat.<\/strong><\/p>\n<p><strong>18:00 Pausa caf\u00e8.<\/strong><\/p>\n<p><strong>18:30\u00a0\u00ab<em>L&#8217;ovella baciva\u00bb<\/em>, a c\u00e0rrec del Sr. Pep Coll, escriptor.<\/strong><\/p>\n<p><strong>19:15\u00a0<em>Que s\u00f3n els Balls de pastors?<\/em>, a c\u00e0rrec del Sr. Salvador Arroyo.<\/strong><\/p>\n<p><strong>19:30 <em>Ball de Pastorets<\/em>, a c\u00e0rrec de\u00a0\u00abBall de pastorets dels Monjos\u00bb acompanyats pels\u00a0\u00abCosins Prims\u00bb.<\/strong><\/p>\n<p><strong>20:00 Final de la segona jornada.<\/strong><\/p>\n<p><strong><u>Dissabte 22 d&#8217;octubre al mat\u00ed: sortida de l\u2019eix 2<\/u><\/strong><\/p>\n<p><strong>11:00<em> Visita al Castell de Penyafort amb comentaris sobre transhum\u00e0ncia i el\u00a0Cam\u00ed Ramader de Marina a c\u00e0rrec de Joan Rovira\u00a0<\/em>Cal fer inscripci\u00f3.<\/strong><\/p>\n<h3><strong><u>Eix \u00a03 . Activitat i usos transhumants<\/u><\/strong><\/h3>\n<p><strong>L\u2019activitat ramadera transhumant a Catalunya, situaci\u00f3 i propostes de millora. El futur de la ramaderia extensiva. La PAC.<\/strong><\/p>\n<p><strong>Lloc: Tremp, Seu de l&#8217;IDAPA.<\/strong><\/p>\n<p><strong>Adre\u00e7a:\u00a0<a href=\"https:\/\/www.google.es\/maps\/place\/Passeig+Pompeu+Fabra,+21,+25620+Tremp,+Lleida\/@42.1609109,0.8912711,17z\/data=!3m1!4b1!4m5!3m4!1s0x12a641f101362bcb:0x274553496073fa2e!8m2!3d42.1609109!4d0.8934598\" target=\"_blank\" rel=\"noopener\">Passeig Pompeu Fabra, 21 de Tremp\u00a0<\/a><\/strong><\/p>\n<p><strong>Data: 28 d\u2019octubre<\/strong><\/p>\n<p><strong>09:00 Benvinguda dels assistents, acreditacions i entrega de material.<\/strong><\/p>\n<p><strong>09:30\u00a0Obertura de l\u2019acte:<\/strong><\/p>\n<ul>\n<li><strong>Sr. Pere Porta, director de l&#8217;IDAPA.<\/strong><\/li>\n<li><strong>Excm. Sr. Joan Ubach, alcalde de Tremp.<\/strong><\/li>\n<li><strong>Sra. Teresa Masjuan, directora general d&#8217;Agricultura i Ramaderia.<\/strong><\/li>\n<li><strong>Sr.\u00a0Albert Alins,\u00a0director general de Pol\u00edtiques de Muntanya.<\/strong><\/li>\n<\/ul>\n<p><strong><u>Pon\u00e8ncies, experi\u00e8ncies i comunicacions de l\u2019eix 3<\/u><\/strong><\/p>\n<p><strong>Conductor de l&#8217;acte:\u00a0Sra. Iolanda Ferran, cap de l&#8217;Oficina Comarcal de l&#8217;Alta Ribagor\u00e7a del Departament d&#8217;Agricultura, Ramaderia, Pesca i Alimentaci\u00f3.<\/strong><\/p>\n<p><strong>10:00 Pon\u00e8ncia: <em>La ramaderia extensiva i els pastors a Catalunya, estat de la q\u00fcesti\u00f3<\/em>,\u00a0a c\u00e0rrec del Sr. Francesc Batalla, presindent de la FECOC.<\/strong><\/p>\n<p><strong>10:30 Pon\u00e8ncia: <em>La PAC, les pastures i la ramaderia extensiva<\/em>, a c\u00e0rrec del Sr. Valent\u00ed Marco, subdirector general de Gesti\u00f3 i Control d&#8217;Ajuts Directes\u00a0del DARP.<\/strong><\/p>\n<p><strong>11:00 Pausa caf\u00e8.<\/strong><\/p>\n<p><strong>11:30 Pon\u00e8ncia: <em>Les escoles de pastors i el futur de la ramaderia extensiva<\/em>, a c\u00e0rrec del Sr. Batis Otaegi, coordinador de l&#8217;Escola de Pastors d&#8217;O\u00f1ati i de la Sra. Vanesa Freixa, directora de l&#8217;Escola de Pastors de Catalunya.<\/strong><\/p>\n<p><strong>12:15 Taula d\u2019experi\u00e8ncies:<\/strong><\/p>\n<ul>\n<li><strong><em>Gesti\u00f3 de vinyes amb ramat d&#8217;ovelles<\/em>, a c\u00e0rrec de la Sra. Marta Casas,\u00a0en\u00f2loga a Par\u00e9s Balt\u00e0.<\/strong><\/li>\n<li><strong><em>Associaci\u00f3\u00a0Ardilatxa<\/em>, a c\u00e0rrec del Sr. \u00cd\u00f1igo Doria, director\u00a0de l&#8217;associaci\u00f3.<\/strong><\/li>\n<li><strong><em>El risc d&#8217;incendis forestals i la ramaderia extensiva<\/em>, a c\u00e0rrec del Sr. Pere Domenech,\u00a0pastor.<\/strong><\/li>\n<li><strong><em>Asociaci\u00f3n de Criadores de ovino Ansotano<\/em> , a c\u00e0rrec de la Sra. Isabel Madrigal,\u00a0t\u00e8cnica de l&#8217;associaci\u00f3.<\/strong><\/li>\n<li><strong><em>Centre d&#8217;estudis i activitats pastorals Alpes M\u00e9diterran\u00e9e (CERPAM)<\/em>, a c\u00e0rrec de la Sra. Aur\u00e9lie Casadella, t\u00e8cnica de CERPAM.<\/strong><\/li>\n<\/ul>\n<p><strong>13:30 Debat.<\/strong><\/p>\n<p><strong>14:30 Dinar (el preu \u00e9s de 15 euros).<\/strong><\/p>\n<p><strong>16:15 Exposici\u00f3 de comunicacions de l\u2019eix 3.<\/strong><\/p>\n<ul>\n<li><strong>Michele Nori,\u00a0Pastores emigrantes: El caso del Pirineo.<\/strong><\/li>\n<li><strong>Fundaci\u00f3 Pau Costa i Consultoria Arrels a Taula,\u00a0Silvopastura per a la prevenci\u00f3 d&#8217;incendis; una oportunitat per rellan\u00e7ar la transhum\u00e0ncia?<\/strong><\/li>\n<li><strong>Marc Ta\u00fcll,\u00a0Es la trashumancia Pirineo \u2013 Depresi\u00f3n del Ebro un modelo de gesti\u00f3n eficiente frente a la estabulaci\u00f3n invernal?<\/strong><\/li>\n<li><strong>Mar\u00eda Jes\u00fas Gonz\u00e1lez de la Rosa i Maria Mercedes Aniz Montes,\u00a0Empleo de tecnolog\u00eda GPS para el seguimiento de ganader\u00eda extensiva.<\/strong><\/li>\n<li><strong>Joan Alib\u00e9s Biosca,\u00a0Gal\u00edcia: ramaderia extensiva i transhum\u00e0ncia.<\/strong><\/li>\n<li><strong>Concha Salguero Herrera,\u00a0Pastoreo y trashumancia en la Cuenca mediterr\u00e1nea hoy: cultura com\u00fan, amenzas comunes.\u00a0<\/strong><\/li>\n<li><strong>Edu Balsells Mart\u00ednez,\u00a0Ramats al Bosc: una oportunitat pels boscos i pastors\/es del futur.<\/strong><\/li>\n<li><strong>Lionel Martorell,\u00a0Pastor Trashumante. Pasado, presente y futuro.<\/strong><\/li>\n<li><strong>Antoni Llagostera Fern\u00e1ndez,\u00a0Els camins ramaders del Ripoll\u00e8s i l\u2019experi\u00e8ncia de les cinc edicions de l\u2019activitat \u201cCam\u00ed ramader del Llu\u00e7an\u00e8s al Ripoll\u00e8s\u201d i altres afers.<\/strong><\/li>\n<\/ul>\n<p><strong>17:45 Debat.<\/strong><\/p>\n<p><strong>18:00 Pausa caf\u00e8.<\/strong><\/p>\n<p><strong>18:30 Confer\u00e8ncia de cloenda a c\u00e0rrec del Sr. Jaime Izquierdo, represetnant de l&#8217;\u00e0rea de medi ambient del Govern d&#8217;Ast\u00faries i escriptor.<\/strong><\/p>\n<p><strong>19:15\u00a0Cloenda del Congr\u00e9s:<\/strong><\/p>\n<ul>\n<li><strong>Sr. Marc Riera, director de la Fundaci\u00f3 del M\u00f3n Rural.<\/strong><\/li>\n<li><strong>Sra. Rosa Amor\u00f3s, delegada territorial de la Generalitat a l\u2019Alt Pirineu i Aran.<\/strong><\/li>\n<li><strong>Hble. Sra. Meritxell Serret, consellera\u00a0del Departament d&#8217;Agricultura, Ramaderia, Pesca i Alimentaci\u00f3 de la Generalitat de Catalunya.<\/strong><\/li>\n<\/ul>\n<p><strong><u>Dissabte 29 d&#8217;octubre al mat\u00ed: sortida de l\u2019eix 3<\/u><\/strong><\/p>\n<p><strong>10:00<em>\u00a0Visita a l&#8217;explotaci\u00f3 ramadera de ra\u00e7a Xisqueta de Casa Mateu de Toralla.\u00a0<\/em>Cal fer inscripci\u00f3.<\/strong><\/p>\n","protected":false},"excerpt":{"rendered":"<p>DESCARREGA&#8217;T EL TR\u00cdPTIC DEL CONGR\u00c9S! Eix 1. Els camins ramaders La infraestructura de les xarxes transhumants, els equipaments associats, el marc legal, la gesti\u00f3 i la planificaci\u00f3 de les actuacions de manteniment i millora. Lloc: Lleida, Sala d&#8217;actes de l&#8217;Escola T\u00e8cnica Superior d&#8217;Enginyeria Agr\u00e0ria (ETSEA). Adre\u00e7a:\u00a0Av. Alcalde Rovira Roure, 204, 25198 Lleida aData: 7 octubre [&hellip;]<\/p>\n","protected":false},"author":2,"featured_media":0,"parent":0,"menu_order":0,"comment_status":"closed","ping_status":"closed","template":"","meta":{"site-sidebar-layout":"default","site-content-layout":"","ast-site-content-layout":"","site-content-style":"default","site-sidebar-style":"default","ast-global-header-display":"","ast-banner-title-visibility":"","ast-main-header-display":"","ast-hfb-above-header-display":"","ast-hfb-below-header-display":"","ast-hfb-mobile-header-display":"","site-post-title":"","ast-breadcrumbs-content":"","ast-featured-img":"","footer-sml-layout":"","theme-transparent-header-meta":"","adv-header-id-meta":"","stick-header-meta":"","header-above-stick-meta":"","header-main-stick-meta":"","header-below-stick-meta":"","astra-migrate-meta-layouts":"default","ast-page-background-enabled":"default","ast-page-background-meta":{"desktop":{"background-color":"var(--ast-global-color-4)","background-image":"","background-repeat":"repeat","background-position":"center center","background-size":"auto","background-attachment":"scroll","background-type":"","background-media":"","overlay-type":"","overlay-color":"","overlay-gradient":""},"tablet":{"background-color":"","background-image":"","background-repeat":"repeat","background-position":"center center","background-size":"auto","background-attachment":"scroll","background-type":"","background-media":"","overlay-type":"","overlay-color":"","overlay-gradient":""},"mobile":{"background-color":"","background-image":"","background-repeat":"repeat","background-position":"center center","background-size":"auto","background-attachment":"scroll","background-type":"","background-media":"","overlay-type":"","overlay-color":"","overlay-gradient":""}},"ast-content-background-meta":{"desktop":{"background-color":"var(--ast-global-color-5)","background-image":"","background-repeat":"repeat","background-position":"center center","background-size":"auto","background-attachment":"scroll","background-type":"","background-media":"","overlay-type":"","overlay-color":"","overlay-gradient":""},"tablet":{"background-color":"var(--ast-global-color-5)","background-image":"","background-repeat":"repeat","background-position":"center center","background-size":"auto","background-attachment":"scroll","background-type":"","background-media":"","overlay-type":"","overlay-color":"","overlay-gradient":""},"mobile":{"background-color":"var(--ast-global-color-5)","background-image":"","background-repeat":"repeat","background-position":"center center","background-size":"auto","background-attachment":"scroll","background-type":"","background-media":"","overlay-type":"","overlay-color":"","overlay-gradient":""}},"footnotes":""},"_links":{"self":[{"href":"https:\/\/transhumancia.com\/es\/wp-json\/wp\/v2\/pages\/2952"}],"collection":[{"href":"https:\/\/transhumancia.com\/es\/wp-json\/wp\/v2\/pages"}],"about":[{"href":"https:\/\/transhumancia.com\/es\/wp-json\/wp\/v2\/types\/page"}],"author":[{"embeddable":true,"href":"https:\/\/transhumancia.com\/es\/wp-json\/wp\/v2\/users\/2"}],"replies":[{"embeddable":true,"href":"https:\/\/transhumancia.com\/es\/wp-json\/wp\/v2\/comments?post=2952"}],"version-history":[{"count":1,"href":"https:\/\/transhumancia.com\/es\/wp-json\/wp\/v2\/pages\/2952\/revisions"}],"predecessor-version":[{"id":2953,"href":"https:\/\/transhumancia.com\/es\/wp-json\/wp\/v2\/pages\/2952\/revisions\/2953"}],"wp:attachment":[{"href":"https:\/\/transhumancia.com\/es\/wp-json\/wp\/v2\/media?parent=2952"}],"curies":[{"name":"wp","href":"https:\/\/api.w.org\/{rel}","templated":true}]}}